{"id":11690,"date":"2023-07-27T12:42:09","date_gmt":"2023-07-27T11:42:09","guid":{"rendered":"\/?page_id=11690"},"modified":"2023-10-12T10:03:10","modified_gmt":"2023-10-12T09:03:10","slug":"logistique-en-interne","status":"publish","type":"page","link":"https:\/\/freon-elagage.com\/professionnel\/logistique-en-interne\/","title":{"rendered":"Atelier &#038; logistique"},"content":{"rendered":"<p><div class=\"fusion-fullwidth fullwidth-box fusion-builder-row-1 nonhundred-percent-fullwidth non-hundred-percent-height-scrolling\" style=\"--awb-background-position:left top;--awb-border-radius-top-left:0px;--awb-border-radius-top-right:0px;--awb-border-radius-bottom-right:0px;--awb-border-radius-bottom-left:0px;--awb-padding-top:20px;--awb-padding-right:0px;--awb-padding-bottom:0px;--awb-padding-left:0px;--awb-border-sizes-top:0px;--awb-border-sizes-bottom:0px;--awb-flex-wrap:wrap;\" ><div class=\"fusion-builder-row fusion-row\"><div class=\"fusion-layout-column fusion_builder_column fusion-builder-column-0 fusion_builder_column_1_1 1_1 fusion-one-full fusion-column-first fusion-column-last fusion-column-no-min-height\" style=\"--awb-bg-size:cover;--awb-margin-bottom:0px;\"><div class=\"fusion-column-wrapper fusion-flex-column-wrapper-legacy\"><div class=\"fusion-title title fusion-title-1 fusion-title-text fusion-title-size-one\"><h1 class=\"fusion-title-heading title-heading-left\" style=\"margin:0;\">Atelier &amp; Logistique<\/h1><span class=\"awb-title-spacer\"><\/span><div class=\"title-sep-container\"><div class=\"title-sep sep-single sep-solid\" style=\"border-color:#e0dede;\"><\/div><\/div><\/div><div class=\"fusion-clearfix\"><\/div><\/div><\/div><\/div><\/div><div class=\"fusion-fullwidth fullwidth-box fusion-builder-row-2 nonhundred-percent-fullwidth non-hundred-percent-height-scrolling\" style=\"--awb-background-position:left top;--awb-border-radius-top-left:0px;--awb-border-radius-top-right:0px;--awb-border-radius-bottom-right:0px;--awb-border-radius-bottom-left:0px;--awb-padding-top:0px;--awb-padding-right:0px;--awb-padding-bottom:20px;--awb-padding-left:0px;--awb-border-sizes-top:0px;--awb-border-sizes-bottom:0px;--awb-flex-wrap:wrap;\" ><div class=\"fusion-builder-row fusion-row\"><div class=\"fusion-layout-column fusion_builder_column fusion-builder-column-1 fusion_builder_column_1_1 1_1 fusion-one-full fusion-column-first fusion-column-last fusion-column-no-min-height\" style=\"--awb-bg-size:cover;--awb-margin-bottom:0px;\"><div class=\"fusion-column-wrapper fusion-flex-column-wrapper-legacy\"><div class=\"fusion-text fusion-text-1\"><h2 align=\"LEFT\">Politique d\u2019entretien du mat\u00e9riel<\/h2>\n<p align=\"JUSTIFY\"><strong>L&#8217;atelier<\/strong><\/p>\n<p align=\"JUSTIFY\">La soci\u00e9t\u00e9 Jean FREON Elagage dispose d\u2019un atelier m\u00e9canique de 1150 m2 afin d&#8217;assurer la maintenance de son mat\u00e9riel.<\/p>\n<p align=\"JUSTIFY\">Nous avons au total 5 m\u00e9caniciens travaillant \u00e0 temps plein, chacun sp\u00e9cialis\u00e9 dans un domaine diff\u00e9rent\u00a0: m\u00e9canique g\u00e9n\u00e9ral, soudure, commande et stockage des pi\u00e8ces, carrosserie, r\u00e9paration tron\u00e7onneuse\u2026<\/p>\n\n\t\t<style type=\"text\/css\">\n\t\t\t#gallery-1 {\n\t\t\t\tmargin: auto;\n\t\t\t}\n\t\t\t#gallery-1 .gallery-item {\n\t\t\t\tfloat: left;\n\t\t\t\tmargin-top: 10px;\n\t\t\t\ttext-align: center;\n\t\t\t\twidth: 33%;\n\t\t\t}\n\t\t\t#gallery-1 img {\n\t\t\t\tborder: 2px solid #cfcfcf;\n\t\t\t}\n\t\t\t#gallery-1 .gallery-caption {\n\t\t\t\tmargin-left: 0;\n\t\t\t}\n\t\t\t\/* see gallery_shortcode() in wp-includes\/media.php *\/\n\t\t<\/style>\n\t\t<div id='gallery-1' class='gallery galleryid-11690 gallery-columns-3 gallery-size-medium'><dl class='gallery-item'>\n\t\t\t<dt class='gallery-icon landscape'>\n\t\t\t\t<a data-rel=\"iLightbox[postimages]\" data-title=\"img3\" data-caption=\"\" href='https:\/\/freon-elagage.com\/wp-content\/uploads\/2016\/09\/img3.jpg'><img decoding=\"async\" width=\"300\" height=\"225\" src=\"https:\/\/freon-elagage.com\/wp-content\/uploads\/2016\/09\/img3-300x225.jpg\" class=\"attachment-medium size-medium\" alt=\"\" srcset=\"https:\/\/freon-elagage.com\/wp-content\/uploads\/2016\/09\/img3-300x225.jpg 300w, https:\/\/freon-elagage.com\/wp-content\/uploads\/2016\/09\/img3.jpg 519w\" sizes=\"(max-width: 300px) 100vw, 300px\" \/><\/a>\n\t\t\t<\/dt><\/dl><dl class='gallery-item'>\n\t\t\t<dt class='gallery-icon landscape'>\n\t\t\t\t<a data-rel=\"iLightbox[postimages]\" data-title=\"img2\" data-caption=\"\" href='https:\/\/freon-elagage.com\/wp-content\/uploads\/2016\/09\/img2.jpg'><img decoding=\"async\" width=\"300\" height=\"225\" src=\"https:\/\/freon-elagage.com\/wp-content\/uploads\/2016\/09\/img2-300x225.jpg\" class=\"attachment-medium size-medium\" alt=\"\" srcset=\"https:\/\/freon-elagage.com\/wp-content\/uploads\/2016\/09\/img2-300x225.jpg 300w, https:\/\/freon-elagage.com\/wp-content\/uploads\/2016\/09\/img2.jpg 519w\" sizes=\"(max-width: 300px) 100vw, 300px\" \/><\/a>\n\t\t\t<\/dt><\/dl><dl class='gallery-item'>\n\t\t\t<dt class='gallery-icon landscape'>\n\t\t\t\t<a data-rel=\"iLightbox[postimages]\" data-title=\"magasin stockage\" data-caption=\"Magasin et stockage\" href='https:\/\/freon-elagage.com\/wp-content\/uploads\/2023\/06\/PHOTO-MAGASIN-BIS.jpg'><img decoding=\"async\" width=\"300\" height=\"225\" src=\"https:\/\/freon-elagage.com\/wp-content\/uploads\/2023\/06\/PHOTO-MAGASIN-BIS-300x225.jpg\" class=\"attachment-medium size-medium\" alt=\"magasin jean fr\u00e9on\" aria-describedby=\"gallery-1-14898\" srcset=\"https:\/\/freon-elagage.com\/wp-content\/uploads\/2023\/06\/PHOTO-MAGASIN-BIS-200x150.jpg 200w, https:\/\/freon-elagage.com\/wp-content\/uploads\/2023\/06\/PHOTO-MAGASIN-BIS-300x225.jpg 300w, https:\/\/freon-elagage.com\/wp-content\/uploads\/2023\/06\/PHOTO-MAGASIN-BIS-400x300.jpg 400w, https:\/\/freon-elagage.com\/wp-content\/uploads\/2023\/06\/PHOTO-MAGASIN-BIS-600x450.jpg 600w, https:\/\/freon-elagage.com\/wp-content\/uploads\/2023\/06\/PHOTO-MAGASIN-BIS-768x576.jpg 768w, https:\/\/freon-elagage.com\/wp-content\/uploads\/2023\/06\/PHOTO-MAGASIN-BIS-800x600.jpg 800w, https:\/\/freon-elagage.com\/wp-content\/uploads\/2023\/06\/PHOTO-MAGASIN-BIS-1024x768.jpg 1024w, https:\/\/freon-elagage.com\/wp-content\/uploads\/2023\/06\/PHOTO-MAGASIN-BIS-1200x900.jpg 1200w, https:\/\/freon-elagage.com\/wp-content\/uploads\/2023\/06\/PHOTO-MAGASIN-BIS-1536x1152.jpg 1536w\" sizes=\"(max-width: 300px) 100vw, 300px\" \/><\/a>\n\t\t\t<\/dt>\n\t\t\t\t<dd class='wp-caption-text gallery-caption' id='gallery-1-14898'>\n\t\t\t\tMagasin et stockage\n\t\t\t\t<\/dd><\/dl><br style=\"clear: both\" \/>\n\t\t<\/div>\n\n<p align=\"JUSTIFY\">Cet atelier r\u00e9pond aux derni\u00e8res normes de r\u00e9cup\u00e9ration des huiles, il poss\u00e8de deux bacs de r\u00e9tention permettant de contenir une \u00e9ventuelle fuite d\u2019huile.<\/p>\n\n\t\t<style type=\"text\/css\">\n\t\t\t#gallery-2 {\n\t\t\t\tmargin: auto;\n\t\t\t}\n\t\t\t#gallery-2 .gallery-item {\n\t\t\t\tfloat: left;\n\t\t\t\tmargin-top: 10px;\n\t\t\t\ttext-align: center;\n\t\t\t\twidth: 33%;\n\t\t\t}\n\t\t\t#gallery-2 img {\n\t\t\t\tborder: 2px solid #cfcfcf;\n\t\t\t}\n\t\t\t#gallery-2 .gallery-caption {\n\t\t\t\tmargin-left: 0;\n\t\t\t}\n\t\t\t\/* see gallery_shortcode() in wp-includes\/media.php *\/\n\t\t<\/style>\n\t\t<div id='gallery-2' class='gallery galleryid-11690 gallery-columns-3 gallery-size-medium'><dl class='gallery-item'>\n\t\t\t<dt class='gallery-icon portrait'>\n\t\t\t\t<a data-rel=\"iLightbox[postimages]\" data-title=\"img5\" data-caption=\"\" href='https:\/\/freon-elagage.com\/wp-content\/uploads\/2016\/09\/img5.jpg'><img decoding=\"async\" width=\"225\" height=\"300\" src=\"https:\/\/freon-elagage.com\/wp-content\/uploads\/2016\/09\/img5-225x300.jpg\" class=\"attachment-medium size-medium\" alt=\"\" srcset=\"https:\/\/freon-elagage.com\/wp-content\/uploads\/2016\/09\/img5-225x300.jpg 225w, https:\/\/freon-elagage.com\/wp-content\/uploads\/2016\/09\/img5.jpg 260w\" sizes=\"(max-width: 225px) 100vw, 225px\" \/><\/a>\n\t\t\t<\/dt><\/dl><dl class='gallery-item'>\n\t\t\t<dt class='gallery-icon landscape'>\n\t\t\t\t<a data-rel=\"iLightbox[postimages]\" data-title=\"img4\" data-caption=\"\" href='https:\/\/freon-elagage.com\/wp-content\/uploads\/2016\/09\/img4.jpg'><img decoding=\"async\" width=\"300\" height=\"225\" src=\"https:\/\/freon-elagage.com\/wp-content\/uploads\/2016\/09\/img4-300x225.jpg\" class=\"attachment-medium size-medium\" alt=\"\" srcset=\"https:\/\/freon-elagage.com\/wp-content\/uploads\/2016\/09\/img4-300x225.jpg 300w, https:\/\/freon-elagage.com\/wp-content\/uploads\/2016\/09\/img4.jpg 347w\" sizes=\"(max-width: 300px) 100vw, 300px\" \/><\/a>\n\t\t\t<\/dt><\/dl>\n\t\t\t<br style='clear: both' \/>\n\t\t<\/div>\n\n<p align=\"JUSTIFY\">L\u2019atelier est \u00e9quip\u00e9 de benne et de zone de stockage pour r\u00e9cup\u00e9rer la ferraille, les filtres usag\u00e9s, les batteries\u2026 Ces d\u00e9chets sont ensuite r\u00e9cup\u00e9r\u00e9s et trait\u00e9s par des entreprises sp\u00e9cialis\u00e9es.<\/p>\n<p align=\"JUSTIFY\">En cas de panne et d\u2019immobilisation d\u2019un de nos mat\u00e9riels, celui-ci peut \u00eatre rapatri\u00e9 par porte char vers nos ateliers ou vers l&#8217;un de nos fournisseurs selon la nature de la panne. Nos m\u00e9caniciens disposent \u00e9galement d\u2019un fourgon \u00e9quip\u00e9 et peuvent intervenir dans les meilleurs d\u00e9lais sur les chantiers pour effectuer les r\u00e9parations.<\/p>\n<hr \/>\n<p align=\"JUSTIFY\"><strong>Notre gestion de l\u2019entretien<\/strong><\/p>\n<p align=\"JUSTIFY\">Le mat\u00e9riel est attribu\u00e9 syst\u00e9matiquement \u00e0 un chauffeur, qui est ainsi responsable du suivi et de l\u2019entretien de son mat\u00e9riel.<br \/>\nChaque r\u00e9paration effectu\u00e9e sur l&#8217;un de nos mat\u00e9riels est consign\u00e9e dans un carnet de maintenance.<\/p>\n<hr \/>\n<p align=\"LEFT\"><strong>Politique de renouvellement du mat\u00e9riel <\/strong><\/p>\n<p align=\"JUSTIFY\">L\u2019entreprise dispose d\u2019un parc mat\u00e9riel comptant plus de 300 cartes grises (tous v\u00e9hicules confondus : voitures, fourgons, poids lourds, engins de chantier, remorques\u2026)<\/p>\n<p align=\"JUSTIFY\">La soci\u00e9t\u00e9 investit en permanence dans du nouveau mat\u00e9riel innovant et performant afin de proposer \u00e0 ses clients un maximum de solutions pour \u00e9laguer, abattre, d\u00e9broussailler ou dessoucher dans toute les situations et conditions possibles.<\/p>\n<p align=\"JUSTIFY\">Nous travaillons depuis de nombreuses ann\u00e9es en partenariat avec de nombreux fournisseurs tels que CLAAS, ROUSSEAU, NOREMAT, FAE \u2026.<\/p>\n\n\t\t<style type=\"text\/css\">\n\t\t\t#gallery-3 {\n\t\t\t\tmargin: auto;\n\t\t\t}\n\t\t\t#gallery-3 .gallery-item {\n\t\t\t\tfloat: left;\n\t\t\t\tmargin-top: 10px;\n\t\t\t\ttext-align: center;\n\t\t\t\twidth: 25%;\n\t\t\t}\n\t\t\t#gallery-3 img {\n\t\t\t\tborder: 2px solid #cfcfcf;\n\t\t\t}\n\t\t\t#gallery-3 .gallery-caption {\n\t\t\t\tmargin-left: 0;\n\t\t\t}\n\t\t\t\/* see gallery_shortcode() in wp-includes\/media.php *\/\n\t\t<\/style>\n\t\t<div id='gallery-3' class='gallery galleryid-11690 gallery-columns-4 gallery-size-medium'><dl class='gallery-item'>\n\t\t\t<dt class='gallery-icon landscape'>\n\t\t\t\t<a data-rel=\"iLightbox[postimages]\" data-title=\"img10\" data-caption=\"\" href='https:\/\/freon-elagage.com\/wp-content\/uploads\/2016\/09\/img10.jpg'><img decoding=\"async\" width=\"300\" height=\"225\" src=\"https:\/\/freon-elagage.com\/wp-content\/uploads\/2016\/09\/img10-300x225.jpg\" class=\"attachment-medium size-medium\" alt=\"\" srcset=\"https:\/\/freon-elagage.com\/wp-content\/uploads\/2016\/09\/img10-300x225.jpg 300w, https:\/\/freon-elagage.com\/wp-content\/uploads\/2016\/09\/img10.jpg 328w\" sizes=\"(max-width: 300px) 100vw, 300px\" \/><\/a>\n\t\t\t<\/dt><\/dl><dl class='gallery-item'>\n\t\t\t<dt class='gallery-icon landscape'>\n\t\t\t\t<a data-rel=\"iLightbox[postimages]\" data-title=\"9\" data-caption=\"\" href='https:\/\/freon-elagage.com\/wp-content\/uploads\/2016\/09\/9.jpg'><img decoding=\"async\" width=\"300\" height=\"199\" src=\"https:\/\/freon-elagage.com\/wp-content\/uploads\/2016\/09\/9-300x199.jpg\" class=\"attachment-medium size-medium\" alt=\"\" srcset=\"https:\/\/freon-elagage.com\/wp-content\/uploads\/2016\/09\/9-300x199.jpg 300w, https:\/\/freon-elagage.com\/wp-content\/uploads\/2016\/09\/9.jpg 365w\" sizes=\"(max-width: 300px) 100vw, 300px\" \/><\/a>\n\t\t\t<\/dt><\/dl><dl class='gallery-item'>\n\t\t\t<dt class='gallery-icon landscape'>\n\t\t\t\t<a data-rel=\"iLightbox[postimages]\" data-title=\"img8\" data-caption=\"\" href='https:\/\/freon-elagage.com\/wp-content\/uploads\/2016\/09\/img8.jpg'><img decoding=\"async\" width=\"300\" height=\"225\" src=\"https:\/\/freon-elagage.com\/wp-content\/uploads\/2016\/09\/img8-300x225.jpg\" class=\"attachment-medium size-medium\" alt=\"\" srcset=\"https:\/\/freon-elagage.com\/wp-content\/uploads\/2016\/09\/img8-300x225.jpg 300w, https:\/\/freon-elagage.com\/wp-content\/uploads\/2016\/09\/img8.jpg 332w\" sizes=\"(max-width: 300px) 100vw, 300px\" \/><\/a>\n\t\t\t<\/dt><\/dl><dl class='gallery-item'>\n\t\t\t<dt class='gallery-icon landscape'>\n\t\t\t\t<a data-rel=\"iLightbox[postimages]\" data-title=\"img7\" data-caption=\"\" href='https:\/\/freon-elagage.com\/wp-content\/uploads\/2016\/09\/img7.jpg'><img decoding=\"async\" width=\"300\" height=\"225\" src=\"https:\/\/freon-elagage.com\/wp-content\/uploads\/2016\/09\/img7-300x225.jpg\" class=\"attachment-medium size-medium\" alt=\"\" srcset=\"https:\/\/freon-elagage.com\/wp-content\/uploads\/2016\/09\/img7-300x225.jpg 300w, https:\/\/freon-elagage.com\/wp-content\/uploads\/2016\/09\/img7.jpg 339w\" sizes=\"(max-width: 300px) 100vw, 300px\" \/><\/a>\n\t\t\t<\/dt><\/dl><br style=\"clear: both\" \/>\n\t\t<\/div>\n\n<p align=\"JUSTIFY\">Renouvellement de notre parc Fourgon par des v\u00e9hicules de plus petite gamme et donc moins consommateur en carburant.<\/p>\n<p align=\"JUSTIFY\">L\u2019entreprise a \u00e9galement la volont\u00e9 de refaire \u00e0 neuf certains mat\u00e9riels (\u00e9pareuse, nacelle.). Sur les ann\u00e9es 2014 et 2015 trois nacelles et une \u00e9pareuse ont \u00e9t\u00e9 repeintes et r\u00e9vis\u00e9es enti\u00e8rement.<\/p>\n\n\t\t<style type=\"text\/css\">\n\t\t\t#gallery-4 {\n\t\t\t\tmargin: auto;\n\t\t\t}\n\t\t\t#gallery-4 .gallery-item {\n\t\t\t\tfloat: left;\n\t\t\t\tmargin-top: 10px;\n\t\t\t\ttext-align: center;\n\t\t\t\twidth: 33%;\n\t\t\t}\n\t\t\t#gallery-4 img {\n\t\t\t\tborder: 2px solid #cfcfcf;\n\t\t\t}\n\t\t\t#gallery-4 .gallery-caption {\n\t\t\t\tmargin-left: 0;\n\t\t\t}\n\t\t\t\/* see gallery_shortcode() in wp-includes\/media.php *\/\n\t\t<\/style>\n\t\t<div id='gallery-4' class='gallery galleryid-11690 gallery-columns-3 gallery-size-medium'><dl class='gallery-item'>\n\t\t\t<dt class='gallery-icon landscape'>\n\t\t\t\t<a data-rel=\"iLightbox[postimages]\" data-title=\"img13\" data-caption=\"\" href='https:\/\/freon-elagage.com\/wp-content\/uploads\/2016\/09\/img13.jpg'><img decoding=\"async\" width=\"300\" height=\"225\" src=\"https:\/\/freon-elagage.com\/wp-content\/uploads\/2016\/09\/img13-300x225.jpg\" class=\"attachment-medium size-medium\" alt=\"\" srcset=\"https:\/\/freon-elagage.com\/wp-content\/uploads\/2016\/09\/img13-300x225.jpg 300w, https:\/\/freon-elagage.com\/wp-content\/uploads\/2016\/09\/img13.jpg 635w\" sizes=\"(max-width: 300px) 100vw, 300px\" \/><\/a>\n\t\t\t<\/dt><\/dl><dl class='gallery-item'>\n\t\t\t<dt class='gallery-icon landscape'>\n\t\t\t\t<a data-rel=\"iLightbox[postimages]\" data-title=\"img12\" data-caption=\"\" href='https:\/\/freon-elagage.com\/wp-content\/uploads\/2016\/09\/img12.jpg'><img decoding=\"async\" width=\"300\" height=\"226\" src=\"https:\/\/freon-elagage.com\/wp-content\/uploads\/2016\/09\/img12-300x226.jpg\" class=\"attachment-medium size-medium\" alt=\"\" srcset=\"https:\/\/freon-elagage.com\/wp-content\/uploads\/2016\/09\/img12-300x226.jpg 300w, https:\/\/freon-elagage.com\/wp-content\/uploads\/2016\/09\/img12.jpg 633w\" sizes=\"(max-width: 300px) 100vw, 300px\" \/><\/a>\n\t\t\t<\/dt><\/dl><dl class='gallery-item'>\n\t\t\t<dt class='gallery-icon landscape'>\n\t\t\t\t<a data-rel=\"iLightbox[postimages]\" data-title=\"img11\" data-caption=\"\" href='https:\/\/freon-elagage.com\/wp-content\/uploads\/2016\/09\/img11.jpg'><img decoding=\"async\" width=\"300\" height=\"225\" src=\"https:\/\/freon-elagage.com\/wp-content\/uploads\/2016\/09\/img11-300x225.jpg\" class=\"attachment-medium size-medium\" alt=\"\" srcset=\"https:\/\/freon-elagage.com\/wp-content\/uploads\/2016\/09\/img11-300x225.jpg 300w, https:\/\/freon-elagage.com\/wp-content\/uploads\/2016\/09\/img11.jpg 634w\" sizes=\"(max-width: 300px) 100vw, 300px\" \/><\/a>\n\t\t\t<\/dt><\/dl><br style=\"clear: both\" \/>\n\t\t<\/div>\n\n<hr \/>\n<\/div><div class=\"fusion-clearfix\"><\/div><\/div><\/div><\/div><\/div><\/p>\n","protected":false},"excerpt":{"rendered":"","protected":false},"author":1,"featured_media":0,"parent":0,"menu_order":0,"comment_status":"closed","ping_status":"closed","template":"","meta":{"footnotes":""},"yoast_head":"<!-- This site is optimized with the Yoast SEO plugin v22.4 - https:\/\/yoast.com\/wordpress\/plugins\/seo\/ -->\n<title>Contr\u00f4le et entretien r\u00e9guliers des engins et mat\u00e9riels en interne<\/title>\n<meta name=\"description\" content=\"Ateliers de m\u00e9canique, carrosserie, soudure en interne, pour agir rapidement, efficacement, et en toute souplesse\" \/>\n<meta name=\"robots\" content=\"index, follow, max-snippet:-1, max-image-preview:large, max-video-preview:-1\" \/>\n<link rel=\"canonical\" href=\"https:\/\/freon-elagage.com\/professionnel\/logistique-en-interne\/\" \/>\n<meta property=\"og:locale\" content=\"fr_FR\" \/>\n<meta property=\"og:type\" content=\"article\" \/>\n<meta property=\"og:title\" content=\"Contr\u00f4le et entretien r\u00e9guliers des engins et mat\u00e9riels en interne\" \/>\n<meta property=\"og:description\" content=\"Ateliers de m\u00e9canique, carrosserie, soudure en interne, pour agir rapidement, efficacement, et en toute souplesse\" \/>\n<meta property=\"og:url\" content=\"https:\/\/freon-elagage.com\/professionnel\/logistique-en-interne\/\" \/>\n<meta property=\"og:site_name\" content=\"JEAN FREON ELAGAGE\" \/>\n<meta property=\"article:publisher\" content=\"https:\/\/www.facebook.com\/jeanfreonelagage\/\" \/>\n<meta property=\"article:modified_time\" content=\"2023-10-12T09:03:10+00:00\" \/>\n<meta name=\"twitter:label1\" content=\"Dur\u00e9e de lecture estim\u00e9e\" \/>\n\t<meta name=\"twitter:data1\" content=\"3 minutes\" \/>\n<script type=\"application\/ld+json\" class=\"yoast-schema-graph\">{\"@context\":\"https:\/\/schema.org\",\"@graph\":[{\"@type\":\"WebPage\",\"@id\":\"https:\/\/freon-elagage.com\/professionnel\/logistique-en-interne\/\",\"url\":\"https:\/\/freon-elagage.com\/professionnel\/logistique-en-interne\/\",\"name\":\"Contr\u00f4le et entretien r\u00e9guliers des engins et mat\u00e9riels en interne\",\"isPartOf\":{\"@id\":\"https:\/\/freon-elagage.com\/professionnel\/#website\"},\"datePublished\":\"2023-07-27T11:42:09+00:00\",\"dateModified\":\"2023-10-12T09:03:10+00:00\",\"description\":\"Ateliers de m\u00e9canique, carrosserie, soudure en interne, pour agir rapidement, efficacement, et en toute souplesse\",\"breadcrumb\":{\"@id\":\"https:\/\/freon-elagage.com\/professionnel\/logistique-en-interne\/#breadcrumb\"},\"inLanguage\":\"fr-FR\",\"potentialAction\":[{\"@type\":\"ReadAction\",\"target\":[\"https:\/\/freon-elagage.com\/professionnel\/logistique-en-interne\/\"]}]},{\"@type\":\"BreadcrumbList\",\"@id\":\"https:\/\/freon-elagage.com\/professionnel\/logistique-en-interne\/#breadcrumb\",\"itemListElement\":[{\"@type\":\"ListItem\",\"position\":1,\"name\":\"Accueil\",\"item\":\"https:\/\/freon-elagage.com\/professionnel\/\"},{\"@type\":\"ListItem\",\"position\":2,\"name\":\"Atelier &#038; logistique\"}]},{\"@type\":\"WebSite\",\"@id\":\"https:\/\/freon-elagage.com\/professionnel\/#website\",\"url\":\"https:\/\/freon-elagage.com\/professionnel\/\",\"name\":\"JEAN FREON ELAGAGE\",\"description\":\"Elagage pour professionnels et particuliers\",\"potentialAction\":[{\"@type\":\"SearchAction\",\"target\":{\"@type\":\"EntryPoint\",\"urlTemplate\":\"https:\/\/freon-elagage.com\/professionnel\/?s={search_term_string}\"},\"query-input\":\"required name=search_term_string\"}],\"inLanguage\":\"fr-FR\"}]}<\/script>\n<!-- \/ Yoast SEO plugin. -->","yoast_head_json":{"title":"Contr\u00f4le et entretien r\u00e9guliers des engins et mat\u00e9riels en interne","description":"Ateliers de m\u00e9canique, carrosserie, soudure en interne, pour agir rapidement, efficacement, et en toute souplesse","robots":{"index":"index","follow":"follow","max-snippet":"max-snippet:-1","max-image-preview":"max-image-preview:large","max-video-preview":"max-video-preview:-1"},"canonical":"https:\/\/freon-elagage.com\/professionnel\/logistique-en-interne\/","og_locale":"fr_FR","og_type":"article","og_title":"Contr\u00f4le et entretien r\u00e9guliers des engins et mat\u00e9riels en interne","og_description":"Ateliers de m\u00e9canique, carrosserie, soudure en interne, pour agir rapidement, efficacement, et en toute souplesse","og_url":"https:\/\/freon-elagage.com\/professionnel\/logistique-en-interne\/","og_site_name":"JEAN FREON ELAGAGE","article_publisher":"https:\/\/www.facebook.com\/jeanfreonelagage\/","article_modified_time":"2023-10-12T09:03:10+00:00","twitter_misc":{"Dur\u00e9e de lecture estim\u00e9e":"3 minutes"},"schema":{"@context":"https:\/\/schema.org","@graph":[{"@type":"WebPage","@id":"https:\/\/freon-elagage.com\/professionnel\/logistique-en-interne\/","url":"https:\/\/freon-elagage.com\/professionnel\/logistique-en-interne\/","name":"Contr\u00f4le et entretien r\u00e9guliers des engins et mat\u00e9riels en interne","isPartOf":{"@id":"https:\/\/freon-elagage.com\/professionnel\/#website"},"datePublished":"2023-07-27T11:42:09+00:00","dateModified":"2023-10-12T09:03:10+00:00","description":"Ateliers de m\u00e9canique, carrosserie, soudure en interne, pour agir rapidement, efficacement, et en toute souplesse","breadcrumb":{"@id":"https:\/\/freon-elagage.com\/professionnel\/logistique-en-interne\/#breadcrumb"},"inLanguage":"fr-FR","potentialAction":[{"@type":"ReadAction","target":["https:\/\/freon-elagage.com\/professionnel\/logistique-en-interne\/"]}]},{"@type":"BreadcrumbList","@id":"https:\/\/freon-elagage.com\/professionnel\/logistique-en-interne\/#breadcrumb","itemListElement":[{"@type":"ListItem","position":1,"name":"Accueil","item":"https:\/\/freon-elagage.com\/professionnel\/"},{"@type":"ListItem","position":2,"name":"Atelier &#038; logistique"}]},{"@type":"WebSite","@id":"https:\/\/freon-elagage.com\/professionnel\/#website","url":"https:\/\/freon-elagage.com\/professionnel\/","name":"JEAN FREON ELAGAGE","description":"Elagage pour professionnels et particuliers","potentialAction":[{"@type":"SearchAction","target":{"@type":"EntryPoint","urlTemplate":"https:\/\/freon-elagage.com\/professionnel\/?s={search_term_string}"},"query-input":"required name=search_term_string"}],"inLanguage":"fr-FR"}]}},"_links":{"self":[{"href":"https:\/\/freon-elagage.com\/professionnel\/wp-json\/wp\/v2\/pages\/11690"}],"collection":[{"href":"https:\/\/freon-elagage.com\/professionnel\/wp-json\/wp\/v2\/pages"}],"about":[{"href":"https:\/\/freon-elagage.com\/professionnel\/wp-json\/wp\/v2\/types\/page"}],"author":[{"embeddable":true,"href":"https:\/\/freon-elagage.com\/professionnel\/wp-json\/wp\/v2\/users\/1"}],"replies":[{"embeddable":true,"href":"https:\/\/freon-elagage.com\/professionnel\/wp-json\/wp\/v2\/comments?post=11690"}],"version-history":[{"count":17,"href":"https:\/\/freon-elagage.com\/professionnel\/wp-json\/wp\/v2\/pages\/11690\/revisions"}],"predecessor-version":[{"id":15598,"href":"https:\/\/freon-elagage.com\/professionnel\/wp-json\/wp\/v2\/pages\/11690\/revisions\/15598"}],"wp:attachment":[{"href":"https:\/\/freon-elagage.com\/professionnel\/wp-json\/wp\/v2\/media?parent=11690"}],"curies":[{"name":"wp","href":"https:\/\/api.w.org\/{rel}","templated":true}]}}